{"id":1422,"date":"2016-11-15T08:46:39","date_gmt":"2016-11-15T08:46:39","guid":{"rendered":"http:\/\/vyrobcikabelu.cz\/normy-rady-navody\/barevne-oznaceni-vodicu\/"},"modified":"2018-08-06T08:17:50","modified_gmt":"2018-08-06T08:17:50","slug":"barevne-oznaceni-vodicu","status":"publish","type":"page","link":"https:\/\/www.vyrobcikabelu.cz\/sk\/normy-rady-navody\/barevne-oznaceni-vodicu\/","title":{"rendered":"Zna\u010den\u00ed kabel\u016f a vodi\u010d\u016f"},"content":{"rendered":"<h2>Zna\u010den\u00ed vodi\u010d\u016f barvami<\/h2>\n<p>dle \u010cSN 33 0166 ed.2:2002, HD 308 S2:2001 platn\u00e9 od 1.7.2005 (do 1.4.2006 bylo mo\u017eno pou\u017e\u00edvat i star\u00e9 zna\u010den\u00ed)<\/p>\n<p><img loading=\"lazy\" decoding=\"async\" class=\"alignnone wp-image-665\" src=\"http:\/\/vyrobcikabelu.cz\/wp-content\/uploads\/2016\/11\/image001-300x194.jpg\" width=\"400\" height=\"258\" srcset=\"https:\/\/www.vyrobcikabelu.cz\/wp-content\/uploads\/2016\/11\/image001-300x194.jpg 300w, https:\/\/www.vyrobcikabelu.cz\/wp-content\/uploads\/2016\/11\/image001.jpg 688w\" sizes=\"(max-width: 400px) 100vw, 400px\" \/><\/p>\n<p>ochrann\u00fd vodi\u010d: kombinac\u00ed barev<strong><span style=\"color: #000000;\"> zelen\u00e1<\/span>\/<span style=\"color: #000000;\">\u017elut\u00e1<\/span><\/strong><br \/>\nst\u0159edn\u00ed vodi\u010d: <strong>sv\u011btle modrou<\/strong> barvou<br \/>\nkrajn\u00ed (f\u00e1zov\u00fd) vodi\u010d: barva <strong>\u010dern\u00e1, hn\u011bd\u00e1, \u0161ed\u00e1<\/strong><\/p>\n<p>U mnoho\u017eilov\u00fdch kabel\u016f maj\u00ed standardn\u011b v\u0161echny \u017e\u00edly \u010dernou barvu a jsou o\u010d\u00edslovan\u00e9.<\/p>\n<p><img loading=\"lazy\" decoding=\"async\" class=\"alignnone wp-image-667 size-full\" src=\"http:\/\/vyrobcikabelu.cz\/wp-content\/uploads\/2016\/11\/image003.jpg\" width=\"163\" height=\"129\" \/><img loading=\"lazy\" decoding=\"async\" class=\"alignnone wp-image-669\" src=\"http:\/\/vyrobcikabelu.cz\/wp-content\/uploads\/2016\/11\/image005.jpg\" width=\"147\" height=\"129\" \/><\/p>\n<h2>Pro stejnosm\u011brn\u00fd proud<\/h2>\n<p>vodi\u010d kladn\u00e9ho p<span style=\"color: #000000;\">\u00f3lu: <strong>tmav\u011b \u010dervenou<\/strong> barvou<\/span><br \/>\n<span style=\"color: #000000;\">vodi\u010d z\u00e1porn\u00e9ho p\u00f3lu: <strong>tmav\u011b modrou<\/strong> barvou<\/span><\/p>\n<h2>Zna\u010den\u00ed vodi\u010d\u016f p\u00edsmeny (pou\u017e\u00edv\u00e1 se p\u0159ev\u00e1\u017en\u011b v dokumentac\u00edch)<\/h2>\n<p>ochrann\u00fd vodi\u010d: <strong>PE<\/strong><br \/>\nst\u0159edn\u00ed vodi\u010d: <strong>N<\/strong><br \/>\nkrajn\u00ed (f\u00e1zov\u00fd) vodi\u010d: <strong>L (L1, L2, L3)<\/strong><\/p>\n<h2>Sd\u011blovac\u00ed vodi\u010de a kabely<\/h2>\n<p>Jednotliv\u00e9 \u017e\u00edly mohou b\u00fdt ozna\u010deny libovoln\u00fdmi barvami, s v\u00fdjimkou kombinace barev zelen\u00e1\/\u017elut\u00e1.<\/p>\n","protected":false},"excerpt":{"rendered":"<p>Zna\u010den\u00ed vodi\u010d\u016f barvami dle \u010cSN 33 0166 ed.2:2002, HD 308 S2:2001 platn\u00e9 od 1.7.2005 (do 1.4.2006 bylo mo\u017eno pou\u017e\u00edvat i star\u00e9 zna\u010den\u00ed) ochrann\u00fd vodi\u010d: kombinac\u00ed barev zelen\u00e1\/\u017elut\u00e1 st\u0159edn\u00ed vodi\u010d: sv\u011btle modrou barvou krajn\u00ed (f\u00e1zov\u00fd) vodi\u010d: barva \u010dern\u00e1, hn\u011bd\u00e1, \u0161ed\u00e1 U &hellip; <a href=\"https:\/\/www.vyrobcikabelu.cz\/sk\/normy-rady-navody\/barevne-oznaceni-vodicu\/\">Pokra\u010dova\u0165<\/a><\/p>\n","protected":false},"author":1,"featured_media":773,"parent":1227,"menu_order":60,"comment_status":"closed","ping_status":"closed","template":"","meta":{"footnotes":""},"acf":[],"yoast_head":"<!-- This site is optimized with the Yoast SEO plugin v21.8 - https:\/\/yoast.com\/wordpress\/plugins\/seo\/ -->\n<title>Zna\u010den\u00ed kabel\u016f a vodi\u010d\u016f - AVK<\/title>\n<meta name=\"robots\" content=\"index, follow, max-snippet:-1, max-image-preview:large, max-video-preview:-1\" \/>\n<link rel=\"canonical\" href=\"https:\/\/www.vyrobcikabelu.cz\/sk\/normy-rady-navody\/barevne-oznaceni-vodicu\/\" \/>\n<meta property=\"og:locale\" content=\"sk_SK\" \/>\n<meta property=\"og:type\" content=\"article\" \/>\n<meta property=\"og:title\" content=\"Zna\u010den\u00ed kabel\u016f a vodi\u010d\u016f - AVK\" \/>\n<meta property=\"og:description\" content=\"Zna\u010den\u00ed vodi\u010d\u016f barvami dle \u010cSN 33 0166 ed.2:2002, HD 308 S2:2001 platn\u00e9 od 1.7.2005 (do 1.4.2006 bylo mo\u017eno pou\u017e\u00edvat i star\u00e9 zna\u010den\u00ed) ochrann\u00fd vodi\u010d: kombinac\u00ed barev zelen\u00e1\/\u017elut\u00e1 st\u0159edn\u00ed vodi\u010d: sv\u011btle modrou barvou krajn\u00ed (f\u00e1zov\u00fd) vodi\u010d: barva \u010dern\u00e1, hn\u011bd\u00e1, \u0161ed\u00e1 U &hellip; Pokra\u010dova\u0165\" \/>\n<meta property=\"og:url\" content=\"https:\/\/www.vyrobcikabelu.cz\/sk\/normy-rady-navody\/barevne-oznaceni-vodicu\/\" \/>\n<meta property=\"og:site_name\" content=\"AVK\" \/>\n<meta property=\"article:modified_time\" content=\"2018-08-06T08:17:50+00:00\" \/>\n<meta property=\"og:image\" content=\"https:\/\/www.vyrobcikabelu.cz\/wp-content\/uploads\/2017\/01\/DSCF0277.jpg\" \/>\n\t<meta property=\"og:image:width\" content=\"800\" \/>\n\t<meta property=\"og:image:height\" content=\"533\" \/>\n\t<meta property=\"og:image:type\" content=\"image\/jpeg\" \/>\n<meta name=\"twitter:card\" content=\"summary_large_image\" \/>\n<meta name=\"twitter:label1\" content=\"Predpokladan\u00fd \u010das \u010d\u00edtania\" \/>\n\t<meta name=\"twitter:data1\" content=\"1 min\u00fata\" \/>\n<script type=\"application\/ld+json\" class=\"yoast-schema-graph\">{\"@context\":\"https:\/\/schema.org\",\"@graph\":[{\"@type\":\"WebPage\",\"@id\":\"https:\/\/www.vyrobcikabelu.cz\/sk\/normy-rady-navody\/barevne-oznaceni-vodicu\/\",\"url\":\"https:\/\/www.vyrobcikabelu.cz\/sk\/normy-rady-navody\/barevne-oznaceni-vodicu\/\",\"name\":\"Zna\u010den\u00ed kabel\u016f a vodi\u010d\u016f - AVK\",\"isPartOf\":{\"@id\":\"https:\/\/www.vyrobcikabelu.cz\/sk\/#website\"},\"datePublished\":\"2016-11-15T08:46:39+00:00\",\"dateModified\":\"2018-08-06T08:17:50+00:00\",\"breadcrumb\":{\"@id\":\"https:\/\/www.vyrobcikabelu.cz\/sk\/normy-rady-navody\/barevne-oznaceni-vodicu\/#breadcrumb\"},\"inLanguage\":\"sk-SK\",\"potentialAction\":[{\"@type\":\"ReadAction\",\"target\":[\"https:\/\/www.vyrobcikabelu.cz\/sk\/normy-rady-navody\/barevne-oznaceni-vodicu\/\"]}]},{\"@type\":\"BreadcrumbList\",\"@id\":\"https:\/\/www.vyrobcikabelu.cz\/sk\/normy-rady-navody\/barevne-oznaceni-vodicu\/#breadcrumb\",\"itemListElement\":[{\"@type\":\"ListItem\",\"position\":1,\"name\":\"Dom\u016f\",\"item\":\"https:\/\/www.vyrobcikabelu.cz\/sk\/\"},{\"@type\":\"ListItem\",\"position\":2,\"name\":\"Normy, rady, n\u00e1vody\",\"item\":\"https:\/\/www.vyrobcikabelu.cz\/sk\/normy-rady-navody\/\"},{\"@type\":\"ListItem\",\"position\":3,\"name\":\"Zna\u010den\u00ed kabel\u016f a vodi\u010d\u016f\"}]},{\"@type\":\"WebSite\",\"@id\":\"https:\/\/www.vyrobcikabelu.cz\/sk\/#website\",\"url\":\"https:\/\/www.vyrobcikabelu.cz\/sk\/\",\"name\":\"AVK\",\"description\":\"Dal\u0161\u00ed web pou\u017e\u00edvaj\u00edc\u00ed WordPress\",\"potentialAction\":[{\"@type\":\"SearchAction\",\"target\":{\"@type\":\"EntryPoint\",\"urlTemplate\":\"https:\/\/www.vyrobcikabelu.cz\/sk\/?s={search_term_string}\"},\"query-input\":\"required name=search_term_string\"}],\"inLanguage\":\"sk-SK\"}]}<\/script>\n<!-- \/ Yoast SEO plugin. -->","yoast_head_json":{"title":"Zna\u010den\u00ed kabel\u016f a vodi\u010d\u016f - AVK","robots":{"index":"index","follow":"follow","max-snippet":"max-snippet:-1","max-image-preview":"max-image-preview:large","max-video-preview":"max-video-preview:-1"},"canonical":"https:\/\/www.vyrobcikabelu.cz\/sk\/normy-rady-navody\/barevne-oznaceni-vodicu\/","og_locale":"sk_SK","og_type":"article","og_title":"Zna\u010den\u00ed kabel\u016f a vodi\u010d\u016f - AVK","og_description":"Zna\u010den\u00ed vodi\u010d\u016f barvami dle \u010cSN 33 0166 ed.2:2002, HD 308 S2:2001 platn\u00e9 od 1.7.2005 (do 1.4.2006 bylo mo\u017eno pou\u017e\u00edvat i star\u00e9 zna\u010den\u00ed) ochrann\u00fd vodi\u010d: kombinac\u00ed barev zelen\u00e1\/\u017elut\u00e1 st\u0159edn\u00ed vodi\u010d: sv\u011btle modrou barvou krajn\u00ed (f\u00e1zov\u00fd) vodi\u010d: barva \u010dern\u00e1, hn\u011bd\u00e1, \u0161ed\u00e1 U &hellip; Pokra\u010dova\u0165","og_url":"https:\/\/www.vyrobcikabelu.cz\/sk\/normy-rady-navody\/barevne-oznaceni-vodicu\/","og_site_name":"AVK","article_modified_time":"2018-08-06T08:17:50+00:00","og_image":[{"width":800,"height":533,"url":"https:\/\/www.vyrobcikabelu.cz\/wp-content\/uploads\/2017\/01\/DSCF0277.jpg","type":"image\/jpeg"}],"twitter_card":"summary_large_image","twitter_misc":{"Predpokladan\u00fd \u010das \u010d\u00edtania":"1 min\u00fata"},"schema":{"@context":"https:\/\/schema.org","@graph":[{"@type":"WebPage","@id":"https:\/\/www.vyrobcikabelu.cz\/sk\/normy-rady-navody\/barevne-oznaceni-vodicu\/","url":"https:\/\/www.vyrobcikabelu.cz\/sk\/normy-rady-navody\/barevne-oznaceni-vodicu\/","name":"Zna\u010den\u00ed kabel\u016f a vodi\u010d\u016f - AVK","isPartOf":{"@id":"https:\/\/www.vyrobcikabelu.cz\/sk\/#website"},"datePublished":"2016-11-15T08:46:39+00:00","dateModified":"2018-08-06T08:17:50+00:00","breadcrumb":{"@id":"https:\/\/www.vyrobcikabelu.cz\/sk\/normy-rady-navody\/barevne-oznaceni-vodicu\/#breadcrumb"},"inLanguage":"sk-SK","potentialAction":[{"@type":"ReadAction","target":["https:\/\/www.vyrobcikabelu.cz\/sk\/normy-rady-navody\/barevne-oznaceni-vodicu\/"]}]},{"@type":"BreadcrumbList","@id":"https:\/\/www.vyrobcikabelu.cz\/sk\/normy-rady-navody\/barevne-oznaceni-vodicu\/#breadcrumb","itemListElement":[{"@type":"ListItem","position":1,"name":"Dom\u016f","item":"https:\/\/www.vyrobcikabelu.cz\/sk\/"},{"@type":"ListItem","position":2,"name":"Normy, rady, n\u00e1vody","item":"https:\/\/www.vyrobcikabelu.cz\/sk\/normy-rady-navody\/"},{"@type":"ListItem","position":3,"name":"Zna\u010den\u00ed kabel\u016f a vodi\u010d\u016f"}]},{"@type":"WebSite","@id":"https:\/\/www.vyrobcikabelu.cz\/sk\/#website","url":"https:\/\/www.vyrobcikabelu.cz\/sk\/","name":"AVK","description":"Dal\u0161\u00ed web pou\u017e\u00edvaj\u00edc\u00ed WordPress","potentialAction":[{"@type":"SearchAction","target":{"@type":"EntryPoint","urlTemplate":"https:\/\/www.vyrobcikabelu.cz\/sk\/?s={search_term_string}"},"query-input":"required name=search_term_string"}],"inLanguage":"sk-SK"}]}},"_links":{"self":[{"href":"https:\/\/www.vyrobcikabelu.cz\/sk\/wp-json\/wp\/v2\/pages\/1422"}],"collection":[{"href":"https:\/\/www.vyrobcikabelu.cz\/sk\/wp-json\/wp\/v2\/pages"}],"about":[{"href":"https:\/\/www.vyrobcikabelu.cz\/sk\/wp-json\/wp\/v2\/types\/page"}],"author":[{"embeddable":true,"href":"https:\/\/www.vyrobcikabelu.cz\/sk\/wp-json\/wp\/v2\/users\/1"}],"replies":[{"embeddable":true,"href":"https:\/\/www.vyrobcikabelu.cz\/sk\/wp-json\/wp\/v2\/comments?post=1422"}],"version-history":[{"count":1,"href":"https:\/\/www.vyrobcikabelu.cz\/sk\/wp-json\/wp\/v2\/pages\/1422\/revisions"}],"predecessor-version":[{"id":2694,"href":"https:\/\/www.vyrobcikabelu.cz\/sk\/wp-json\/wp\/v2\/pages\/1422\/revisions\/2694"}],"up":[{"embeddable":true,"href":"https:\/\/www.vyrobcikabelu.cz\/sk\/wp-json\/wp\/v2\/pages\/1227"}],"wp:featuredmedia":[{"embeddable":true,"href":"https:\/\/www.vyrobcikabelu.cz\/sk\/wp-json\/wp\/v2\/media\/773"}],"wp:attachment":[{"href":"https:\/\/www.vyrobcikabelu.cz\/sk\/wp-json\/wp\/v2\/media?parent=1422"}],"curies":[{"name":"wp","href":"https:\/\/api.w.org\/{rel}","templated":true}]}}